{"id":3929,"date":"2021-03-18T15:28:32","date_gmt":"2021-03-18T15:28:32","guid":{"rendered":"https:\/\/ndavant.cat\/?page_id=3929"},"modified":"2022-12-12T02:48:10","modified_gmt":"2022-12-12T01:48:10","slug":"informacion-adicional-clientes","status":"publish","type":"page","link":"https:\/\/ndavant.cat\/es\/informacion-adicional-clientes\/","title":{"rendered":"Informaci\u00f3n adicional clientes"},"content":{"rendered":"<div class=\"fusion-fullwidth fullwidth-box fusion-builder-row-1 nonhundred-percent-fullwidth non-hundred-percent-height-scrolling\" style=\"--awb-border-radius-top-left:0px;--awb-border-radius-top-right:0px;--awb-border-radius-bottom-right:0px;--awb-border-radius-bottom-left:0px;--awb-flex-wrap:wrap;\" ><div class=\"fusion-builder-row fusion-row\"><div class=\"fusion-layout-column fusion_builder_column fusion-builder-column-0 fusion_builder_column_1_1 1_1 fusion-one-full fusion-column-first fusion-column-last\" style=\"--awb-bg-size:cover;\"><div class=\"fusion-column-wrapper fusion-column-has-shadow fusion-flex-column-wrapper-legacy\"><div class=\"fusion-text fusion-text-1\"><h4><span style=\"color: #000000;\">RESPONSABLE<\/span><\/h4>\n<p>Identidad: MULTISERVEIS NDAVANT, S.L.<\/p>\n<p>CIF: B-60579240<\/p>\n<p>Dir. Postal: Calle Josep Ferrater i Mora, 2-4, Barcelona (08019)<\/p>\n<p>Contacto Delegado de Protecci\u00f3n de datos (DPD):\u00a0<a href=\"mailto:rgpd-ndavant@ndavant.cat\" target=\"_blank\" rel=\"noopener\">rgpd-ndavant@ndavant.cat<\/a><\/p>\n<h4><span style=\"color: #000000;\">FINALIDAD<\/span><\/h4>\n<p>Tratamos la informaci\u00f3n que facilitan con la finalidad de:<\/p>\n<ul>\n<li>Datos tratados para prestar el servicio contratado.<\/li>\n<li>Gesti\u00f3n financiera, econ\u00f3mica, contable y de administraci\u00f3n.<\/li>\n<li>Gesti\u00f3n y mantenimiento de los procedimientos judiciales.<\/li>\n<li>Env\u00edos de informaci\u00f3n comercial relacionada con el objeto del contrato existente.<\/li>\n<li>Env\u00edos de informaci\u00f3n comercial de productos y servicios.<\/li>\n<li>Gesti\u00f3n y desarrollo de actividades de prevenci\u00f3n y control del fraude.<\/li>\n<li><a href=\"https:\/\/ndavant.cat\/es\/integridad-conducta\/\">Canal \u00c9tico:<\/a> Atender las comunicaciones recibidas a trav\u00e9s de los distintos medios o canales que pone la empresa a disposici\u00f3n del comunicante como la direcci\u00f3n de correo electr\u00f3nico habilitado en el sitio web de la empresa, canal telef\u00f3nico (24\/7), as\u00ed como la plataforma web gestionada por el encargado del tratamiento contratado, quedando garantizada tanto la absoluta confidencialidad del comunicante como la no adopci\u00f3n de represalia alguna por reportar de buena fe.<\/li>\n<li>Gesti\u00f3n exclusiones comerciales. Base con m\u00ednimos datos para evitar env\u00edo de comunicaciones comerciales a las personas que no hayan consentido o hayan revocado su consentimiento.<\/li>\n<\/ul>\n<h4><span style=\"color: #000000;\">LEGITIMACI\u00d3N<\/span><\/h4>\n<ol>\n<li>Ejecuci\u00f3n de un contrato<\/li>\n<li>Inter\u00e9s legitimo<\/li>\n<li>Consentimiento previo<\/li>\n<li>Inter\u00e9s p\u00fablico (Canal \u00c9tico): En el marco del canal de comunicaciones (canal \u00e9tico) se basa en la existencia de un inter\u00e9s p\u00fablico, en los t\u00e9rminos establecidos en el art\u00edculo 6.1.e) del Reglamento General de Protecci\u00f3n de Datos, de detectar y prevenir reclamaciones y la consiguiente prevenci\u00f3n de da\u00f1os y riesgos de responsabilidad de CLECE y definido en el art\u00edculo 24 de la Ley Org\u00e1nica 3\/2018.<\/li>\n<\/ol>\n<h4><span style=\"color: #000000;\">PLAZOS DE CONSERVACI\u00d3N<\/span><\/h4>\n<ul>\n<li>A efectos mercantiles: Documentaci\u00f3n contable y fiscal: 6 a\u00f1os &#8211; Art. 30 C\u00f3digo Comercio.<\/li>\n<li>A efectos fiscales: 4 a\u00f1os &#8211; Art\u00edculos 66 a 70 Ley General Tributaria.<\/li>\n<\/ul>\n<p>Real Decreto 1619\/2012, de 30 de noviembre, por el que se aprueba el Reglamento por el que se regulan las obligaciones de facturaci\u00f3n: 5 a\u00f1os<\/p>\n<ul>\n<li>Plazo conservaci\u00f3n justificado: 10 a\u00f1os atendiendo a requerimientos autoridades competentes en la materia<\/li>\n<li><a href=\"https:\/\/ndavant.cat\/es\/integridad-conducta\/\">Canal \u00e9tico:<\/a> Se conservar\u00e1n en el sistema de recepci\u00f3n de denuncias, \u00fanicamente durante el tiempo imprescindible para la averiguaci\u00f3n de los hechos denunciados. En todo caso, transcurridos tres meses desde la introducci\u00f3n de los datos deber\u00e1 procederse a su supresi\u00f3n del sistema. No obstante, se podr\u00e1n tratar fuera del sistema para investigar los hechos por el tiempo necesario hasta su conclusi\u00f3n. Una vez finalizada la investigaci\u00f3n de la comunicaci\u00f3n y tomadas, en su caso, las acciones oportunas, los datos de aquellas denuncias a las que se haya dado curso se mantendr\u00e1n debidamente bloqueados para dar cumplimiento a las obligaciones legales que, en cada caso, correspondan. En el caso de que se decida no dar curso a la denuncia interpuesta podr\u00e1 conservarse la informaci\u00f3n de forma anonimizada en el mencionado sistema.<\/li>\n<\/ul>\n<h4><span style=\"color: #000000;\">DESTINATARIOS<\/span><\/h4>\n<p>Los datos podr\u00e1n ser cedidos a:<\/p>\n<ul>\n<li>Administraciones P\u00fablicas competentes en la materia.<\/li>\n<li>Entidades financieras en relaci\u00f3n con la gesti\u00f3n de los pagos y cobros derivados de las relaciones contractual.<\/li>\n<li>Organismos de la Administraci\u00f3n de la Seguridad Social, la administraci\u00f3n tributaria y los Jueces y Tribunales.<\/li>\n<li>Fuerzas y cuerpos de seguridad.<\/li>\n<li>Organismos de la Administraci\u00f3n de la Seguridad Social, la administraci\u00f3n tributaria y los Jueces y Tribunales.<\/li>\n<li>Entidades aseguradoras y Corredur\u00edas de seguros y reaseguros, para la gesti\u00f3n de siniestros y\/o accidentes, incluido el tratamiento de datos personales especiales.<\/li>\n<li>Proveedores de servicios, en algunos supuestos contratados, para realizar servicios en nuestro nombre. En estos casos, siempre que sea necesario, se suscriben los correspondientes contratos de encargo de tratamiento seg\u00fan establece la normativa en materia de protecci\u00f3n de datos.<\/li>\n<\/ul>\n<h4><span style=\"color: #000000;\">EJERCICIO DE DERECHOS<\/span><\/h4>\n<p>Las personas interesadas tienen derecho a obtener confirmaci\u00f3n sobre si la empresa est\u00e1 tratando sus datos personales.<\/p>\n<p>Tiene derecho a solicitar:<\/p>\n<ul>\n<li>El acceso a sus datos personales.<\/li>\n<li>La rectificaci\u00f3n de los datos inexactos,<\/li>\n<li>La supresi\u00f3n cuando, entre otros motivos, los datos ya no sean necesarios para los fines que fueron recogido.<\/li>\n<li>La limitaci\u00f3n del tratamiento de sus datos, en cuyo caso \u00fanicamente los conservaremos para el ejercicio o la defensa de reclamaciones.<\/li>\n<li>Oponerse al tratamiento de sus datos, en determinadas circunstancias y por motivos relacionados con su situaci\u00f3n particular. La empresa dejar\u00e1 de tratar los datos, salvo por motivos leg\u00edtimos imperiosos o el ejercicio o la defensa de posibles reclamaciones.<\/li>\n<\/ul>\n<p>Los derechos reconocidos por el Reglamento (UE) 2016\/679, podr\u00e1n ejercerse directamente o por medio de representante legal o voluntario.<\/p>\n<p>Puede solicitar el ejercicio de derechos por medios inform\u00e1ticos a trav\u00e9s del email de contacto del Delegado de Protecci\u00f3n de datos o enviando su solicitud a la direcci\u00f3n del Responsable, arriba indicada.<\/p>\n<p>Para obtener informaci\u00f3n acerca de sus derechos puede visitar:\u00a0 <a href=\"https:\/\/www.aepd.es\/es\/derechos-y-deberes\/conoce-tus-derechos\">https:\/\/www.aepd.es\/es\/derechos-y-deberes\/conoce-tus-derechos<\/a><\/p>\n<p>En el caso de no haber obtenido satisfacci\u00f3n en ejercicio de sus derechos puede presentar una reclamaci\u00f3n en la Agencia Espa\u00f1ola de Protecci\u00f3n de datos.<\/p>\n<\/div><div class=\"fusion-clearfix\"><\/div><\/div><\/div><\/div><\/div>\n","protected":false},"excerpt":{"rendered":"","protected":false},"author":1,"featured_media":0,"parent":0,"menu_order":0,"comment_status":"closed","ping_status":"closed","template":"","meta":{"_bbp_topic_count":0,"_bbp_reply_count":0,"_bbp_total_topic_count":0,"_bbp_total_reply_count":0,"_bbp_voice_count":0,"_bbp_anonymous_reply_count":0,"_bbp_topic_count_hidden":0,"_bbp_reply_count_hidden":0,"_bbp_forum_subforum_count":0,"footnotes":""},"class_list":["post-3929","page","type-page","status-publish","hentry"],"yoast_head":"<!-- This site is optimized with the Yoast SEO plugin v27.5 - https:\/\/yoast.com\/product\/yoast-seo-wordpress\/ -->\n<title>Informaci\u00f3n adicional clientes - NDAVANT | Serveis de neteja, manteniment i FM\/FS<\/title>\n<meta name=\"robots\" content=\"index, follow, max-snippet:-1, max-image-preview:large, max-video-preview:-1\" \/>\n<link rel=\"canonical\" href=\"https:\/\/ndavant.cat\/es\/informacion-adicional-clientes\/\" \/>\n<meta property=\"og:locale\" content=\"es_ES\" \/>\n<meta property=\"og:type\" content=\"article\" \/>\n<meta property=\"og:title\" content=\"Informaci\u00f3n adicional clientes - NDAVANT | Serveis de neteja, manteniment i FM\/FS\" \/>\n<meta property=\"og:url\" content=\"https:\/\/ndavant.cat\/es\/informacion-adicional-clientes\/\" \/>\n<meta property=\"og:site_name\" content=\"NDAVANT | Serveis de neteja, manteniment i FM\/FS\" \/>\n<meta property=\"article:modified_time\" content=\"2022-12-12T01:48:10+00:00\" \/>\n<meta name=\"twitter:card\" content=\"summary_large_image\" \/>\n<meta name=\"twitter:site\" content=\"@ndavant\" \/>\n<meta name=\"twitter:label1\" content=\"Tiempo de lectura\" \/>\n\t<meta name=\"twitter:data1\" content=\"6 minutos\" \/>\n<script type=\"application\/ld+json\" class=\"yoast-schema-graph\">{\"@context\":\"https:\\\/\\\/schema.org\",\"@graph\":[{\"@type\":\"WebPage\",\"@id\":\"https:\\\/\\\/ndavant.cat\\\/es\\\/informacion-adicional-clientes\\\/\",\"url\":\"https:\\\/\\\/ndavant.cat\\\/es\\\/informacion-adicional-clientes\\\/\",\"name\":\"Informaci\u00f3n adicional clientes - NDAVANT | Serveis de neteja, manteniment i FM\\\/FS\",\"isPartOf\":{\"@id\":\"https:\\\/\\\/ndavant.cat\\\/es\\\/#website\"},\"datePublished\":\"2021-03-18T15:28:32+00:00\",\"dateModified\":\"2022-12-12T01:48:10+00:00\",\"breadcrumb\":{\"@id\":\"https:\\\/\\\/ndavant.cat\\\/es\\\/informacion-adicional-clientes\\\/#breadcrumb\"},\"inLanguage\":\"es\",\"potentialAction\":[{\"@type\":\"ReadAction\",\"target\":[\"https:\\\/\\\/ndavant.cat\\\/es\\\/informacion-adicional-clientes\\\/\"]}]},{\"@type\":\"BreadcrumbList\",\"@id\":\"https:\\\/\\\/ndavant.cat\\\/es\\\/informacion-adicional-clientes\\\/#breadcrumb\",\"itemListElement\":[{\"@type\":\"ListItem\",\"position\":1,\"name\":\"Inici\",\"item\":\"https:\\\/\\\/ndavant.cat\\\/es\\\/\"},{\"@type\":\"ListItem\",\"position\":2,\"name\":\"Informaci\u00f3n adicional clientes\"}]},{\"@type\":\"WebSite\",\"@id\":\"https:\\\/\\\/ndavant.cat\\\/es\\\/#website\",\"url\":\"https:\\\/\\\/ndavant.cat\\\/es\\\/\",\"name\":\"NDAVANT | Serveis de neteja, manteniment i FM\\\/FS\",\"description\":\"Empresa de serveis de neteja, manteniment i facility services \\\/ facility management\",\"publisher\":{\"@id\":\"https:\\\/\\\/ndavant.cat\\\/es\\\/#organization\"},\"potentialAction\":[{\"@type\":\"SearchAction\",\"target\":{\"@type\":\"EntryPoint\",\"urlTemplate\":\"https:\\\/\\\/ndavant.cat\\\/es\\\/?s={search_term_string}\"},\"query-input\":{\"@type\":\"PropertyValueSpecification\",\"valueRequired\":true,\"valueName\":\"search_term_string\"}}],\"inLanguage\":\"es\"},{\"@type\":\"Organization\",\"@id\":\"https:\\\/\\\/ndavant.cat\\\/es\\\/#organization\",\"name\":\"Ndavant\",\"url\":\"https:\\\/\\\/ndavant.cat\\\/es\\\/\",\"logo\":{\"@type\":\"ImageObject\",\"inLanguage\":\"es\",\"@id\":\"https:\\\/\\\/ndavant.cat\\\/es\\\/#\\\/schema\\\/logo\\\/image\\\/\",\"url\":\"https:\\\/\\\/ndavant.cat\\\/wp-content\\\/uploads\\\/2020\\\/05\\\/Logo-oficial-Ndavant.jpg\",\"contentUrl\":\"https:\\\/\\\/ndavant.cat\\\/wp-content\\\/uploads\\\/2020\\\/05\\\/Logo-oficial-Ndavant.jpg\",\"width\":451,\"height\":451,\"caption\":\"Ndavant\"},\"image\":{\"@id\":\"https:\\\/\\\/ndavant.cat\\\/es\\\/#\\\/schema\\\/logo\\\/image\\\/\"},\"sameAs\":[\"https:\\\/\\\/x.com\\\/ndavant\",\"https:\\\/\\\/www.linkedin.com\\\/company\\\/10988666\\\/\"]}]}<\/script>\n<!-- \/ Yoast SEO plugin. -->","yoast_head_json":{"title":"Informaci\u00f3n adicional clientes - NDAVANT | Serveis de neteja, manteniment i FM\/FS","robots":{"index":"index","follow":"follow","max-snippet":"max-snippet:-1","max-image-preview":"max-image-preview:large","max-video-preview":"max-video-preview:-1"},"canonical":"https:\/\/ndavant.cat\/es\/informacion-adicional-clientes\/","og_locale":"es_ES","og_type":"article","og_title":"Informaci\u00f3n adicional clientes - NDAVANT | Serveis de neteja, manteniment i FM\/FS","og_url":"https:\/\/ndavant.cat\/es\/informacion-adicional-clientes\/","og_site_name":"NDAVANT | Serveis de neteja, manteniment i FM\/FS","article_modified_time":"2022-12-12T01:48:10+00:00","twitter_card":"summary_large_image","twitter_site":"@ndavant","twitter_misc":{"Tiempo de lectura":"6 minutos"},"schema":{"@context":"https:\/\/schema.org","@graph":[{"@type":"WebPage","@id":"https:\/\/ndavant.cat\/es\/informacion-adicional-clientes\/","url":"https:\/\/ndavant.cat\/es\/informacion-adicional-clientes\/","name":"Informaci\u00f3n adicional clientes - NDAVANT | Serveis de neteja, manteniment i FM\/FS","isPartOf":{"@id":"https:\/\/ndavant.cat\/es\/#website"},"datePublished":"2021-03-18T15:28:32+00:00","dateModified":"2022-12-12T01:48:10+00:00","breadcrumb":{"@id":"https:\/\/ndavant.cat\/es\/informacion-adicional-clientes\/#breadcrumb"},"inLanguage":"es","potentialAction":[{"@type":"ReadAction","target":["https:\/\/ndavant.cat\/es\/informacion-adicional-clientes\/"]}]},{"@type":"BreadcrumbList","@id":"https:\/\/ndavant.cat\/es\/informacion-adicional-clientes\/#breadcrumb","itemListElement":[{"@type":"ListItem","position":1,"name":"Inici","item":"https:\/\/ndavant.cat\/es\/"},{"@type":"ListItem","position":2,"name":"Informaci\u00f3n adicional clientes"}]},{"@type":"WebSite","@id":"https:\/\/ndavant.cat\/es\/#website","url":"https:\/\/ndavant.cat\/es\/","name":"NDAVANT | Serveis de neteja, manteniment i FM\/FS","description":"Empresa de serveis de neteja, manteniment i facility services \/ facility management","publisher":{"@id":"https:\/\/ndavant.cat\/es\/#organization"},"potentialAction":[{"@type":"SearchAction","target":{"@type":"EntryPoint","urlTemplate":"https:\/\/ndavant.cat\/es\/?s={search_term_string}"},"query-input":{"@type":"PropertyValueSpecification","valueRequired":true,"valueName":"search_term_string"}}],"inLanguage":"es"},{"@type":"Organization","@id":"https:\/\/ndavant.cat\/es\/#organization","name":"Ndavant","url":"https:\/\/ndavant.cat\/es\/","logo":{"@type":"ImageObject","inLanguage":"es","@id":"https:\/\/ndavant.cat\/es\/#\/schema\/logo\/image\/","url":"https:\/\/ndavant.cat\/wp-content\/uploads\/2020\/05\/Logo-oficial-Ndavant.jpg","contentUrl":"https:\/\/ndavant.cat\/wp-content\/uploads\/2020\/05\/Logo-oficial-Ndavant.jpg","width":451,"height":451,"caption":"Ndavant"},"image":{"@id":"https:\/\/ndavant.cat\/es\/#\/schema\/logo\/image\/"},"sameAs":["https:\/\/x.com\/ndavant","https:\/\/www.linkedin.com\/company\/10988666\/"]}]}},"_links":{"self":[{"href":"https:\/\/ndavant.cat\/es\/wp-json\/wp\/v2\/pages\/3929","targetHints":{"allow":["GET"]}}],"collection":[{"href":"https:\/\/ndavant.cat\/es\/wp-json\/wp\/v2\/pages"}],"about":[{"href":"https:\/\/ndavant.cat\/es\/wp-json\/wp\/v2\/types\/page"}],"author":[{"embeddable":true,"href":"https:\/\/ndavant.cat\/es\/wp-json\/wp\/v2\/users\/1"}],"replies":[{"embeddable":true,"href":"https:\/\/ndavant.cat\/es\/wp-json\/wp\/v2\/comments?post=3929"}],"version-history":[{"count":6,"href":"https:\/\/ndavant.cat\/es\/wp-json\/wp\/v2\/pages\/3929\/revisions"}],"predecessor-version":[{"id":4984,"href":"https:\/\/ndavant.cat\/es\/wp-json\/wp\/v2\/pages\/3929\/revisions\/4984"}],"wp:attachment":[{"href":"https:\/\/ndavant.cat\/es\/wp-json\/wp\/v2\/media?parent=3929"}],"curies":[{"name":"wp","href":"https:\/\/api.w.org\/{rel}","templated":true}]}}